{"id":6704,"date":"2024-04-04T00:48:08","date_gmt":"2024-04-03T22:48:08","guid":{"rendered":"https:\/\/p-i3puwt.project.space\/?page_id=6704"},"modified":"2024-06-24T20:30:37","modified_gmt":"2024-06-24T18:30:37","slug":"paedagogik","status":"publish","type":"page","link":"https:\/\/kiga-unterampfrach.de\/index.php\/paedagogik\/","title":{"rendered":"P\u00e4dagogik"},"content":{"rendered":"\t\t<div data-elementor-type=\"wp-page\" data-elementor-id=\"6704\" class=\"elementor elementor-6704\">\n\t\t\t\t<div class=\"elementor-element elementor-element-b501ac8 e-flex e-con-boxed e-con e-parent\" data-id=\"b501ac8\" data-element_type=\"container\" data-core-v316-plus=\"true\">\n\t\t\t\t\t<div class=\"e-con-inner\">\n\t\t<div class=\"elementor-element elementor-element-1355d96 e-con-full e-flex e-con e-child\" data-id=\"1355d96\" data-element_type=\"container\">\n\t\t\t\t<div class=\"elementor-element elementor-element-694f7ee elementor-widget elementor-widget-text-editor\" data-id=\"694f7ee\" data-element_type=\"widget\" data-widget_type=\"text-editor.default\">\n\t\t\t\t<div class=\"elementor-widget-container\">\n\t\t\t<style>\/*! elementor - v3.20.0 - 26-03-2024 *\/\n.elementor-widget-text-editor.elementor-drop-cap-view-stacked .elementor-drop-cap{background-color:#69727d;color:#fff}.elementor-widget-text-editor.elementor-drop-cap-view-framed .elementor-drop-cap{color:#69727d;border:3px solid;background-color:transparent}.elementor-widget-text-editor:not(.elementor-drop-cap-view-default) .elementor-drop-cap{margin-top:8px}.elementor-widget-text-editor:not(.elementor-drop-cap-view-default) .elementor-drop-cap-letter{width:1em;height:1em}.elementor-widget-text-editor .elementor-drop-cap{float:left;text-align:center;line-height:1;font-size:50px}.elementor-widget-text-editor .elementor-drop-cap-letter{display:inline-block}<\/style>\t\t\t\t<header class=\"entry-header\" style=\"margin: 0px 0px 1.71429rem; padding-right: 0px; padding-bottom: 0px; padding-left: 0px; border: 0px; font-size: 14px; vertical-align: baseline; color: #444444; font-family: Helvetica, Arial, sans-serif;\"><h1 class=\"entry-title\" style=\"margin-bottom: 0px; padding-right: 0px; padding-bottom: 0px; padding-left: 0px; border: 0px; font-size: 1.57143rem; vertical-align: baseline; line-height: 1.2; font-weight: normal;\">\u00a0<\/h1><\/header><div class=\"entry-content\" style=\"border: 0px; font-size: 14px; vertical-align: baseline; counter-reset: footnotes 0; line-height: 1.71429; color: #444444; font-family: Helvetica, Arial, sans-serif;\"><p style=\"margin-bottom: 1.71429rem; border: 0px; vertical-align: baseline; line-height: 1.71429;\">Die Grundlage unserer p\u00e4dagogischen Arbeit ist der situationsorientierte Ansatz. Dies bedeutet, dass wir als Erzieher unsere Themenauswahl nach den Bed\u00fcrfnissen und Interessen der Kinder ausrichten und nicht etwa an einem starren Jahresplan festhalten.<\/p><p style=\"margin-bottom: 1.71429rem; border: 0px; vertical-align: baseline; line-height: 1.71429;\">Die aktuellen Lebensereignisse, die die Kinder besch\u00e4ftigen, werden aufgegriffen und vertieft. Nur so gelingt es den Kindern Situationen und Dinge, die sie im Alltag erleben, zu verstehen, zu f\u00fchlen und zu verarbeiten, und dann auch neue Handlungsm\u00f6glichkeiten zu entdecken.<\/p><p style=\"margin-bottom: 1.71429rem; border: 0px; vertical-align: baseline; line-height: 1.71429;\">Die Themenfindung beruht auf intensiven und aufmerksamen Beobachtungen des Gruppengeschehens, aber auch vor allem des einzelnen Kindes, denn nur so ist bed\u00fcrfnisorientiertes Arbeiten \u00fcberhaupt umsetzbar.<\/p><p style=\"margin-bottom: 1.71429rem; border: 0px; vertical-align: baseline; line-height: 1.71429;\">Wir greifen die Ideen, Interessen und Fantasien spontan auf und entwickeln sie mit den Kindern gemeinsam weiter. Die Kinder erlangen somit ein Bewusstsein, eigene Gedanken \u00e4u\u00dfern zu d\u00fcrfen, erleben Wertsch\u00e4tzung und sich selbst als wichtiges Mitglied der Gemeinschaft.<\/p><p style=\"margin-bottom: 1.71429rem; border: 0px; vertical-align: baseline; line-height: 1.71429;\">Durch die Arbeit mit dem situationsorientierten Ansatz, der Kinderkonferenz und dem damit verbundenen Partizipationsgedanken entstehen unsere Projekte.<\/p><\/div>\t\t\t\t\t\t<\/div>\n\t\t\t\t<\/div>\n\t\t\t\t<\/div>\n\t\t\t\t<div class=\"elementor-element elementor-element-92391d2 elementor-widget elementor-widget-image\" data-id=\"92391d2\" data-element_type=\"widget\" data-widget_type=\"image.default\">\n\t\t\t\t<div class=\"elementor-widget-container\">\n\t\t\t<style>\/*! elementor - v3.20.0 - 26-03-2024 *\/\n.elementor-widget-image{text-align:center}.elementor-widget-image a{display:inline-block}.elementor-widget-image a img[src$=\".svg\"]{width:48px}.elementor-widget-image img{vertical-align:middle;display:inline-block}<\/style>\t\t\t\t\t\t\t\t\t\t<img fetchpriority=\"high\" decoding=\"async\" width=\"624\" height=\"468\" src=\"https:\/\/kiga-unterampfrach.de\/wp-content\/uploads\/2024\/06\/IMG_3465-624x468-1.jpg\" class=\"attachment-large size-large wp-image-6766\" alt=\"\" srcset=\"https:\/\/kiga-unterampfrach.de\/wp-content\/uploads\/2024\/06\/IMG_3465-624x468-1.jpg 624w, https:\/\/kiga-unterampfrach.de\/wp-content\/uploads\/2024\/06\/IMG_3465-624x468-1-300x225.jpg 300w, https:\/\/kiga-unterampfrach.de\/wp-content\/uploads\/2024\/06\/IMG_3465-624x468-1-600x450.jpg 600w\" sizes=\"100vw\" \/>\t\t\t\t\t\t\t\t\t\t\t\t\t<\/div>\n\t\t\t\t<\/div>\n\t\t\t\t\t<\/div>\n\t\t\t\t<\/div>\n\t\t\t\t<\/div>\n\t\t","protected":false},"excerpt":{"rendered":"<p>\u00a0 Die Grundlage unserer p\u00e4dagogischen Arbeit ist der situationsorientierte Ansatz. Dies bedeutet, dass wir als Erzieher unsere Themenauswahl nach den Bed\u00fcrfnissen und Interessen der Kinder ausrichten und nicht etwa an einem starren Jahresplan festhalten. Die aktuellen Lebensereignisse, die die Kinder besch\u00e4ftigen, werden aufgegriffen und vertieft. Nur so gelingt es den Kindern Situationen und Dinge, die &hellip; <\/p>\n<p class=\"link-more\"><a href=\"https:\/\/kiga-unterampfrach.de\/index.php\/paedagogik\/\" class=\"more-link\">Read more<span class=\"screen-reader-text\"> &#8220;P\u00e4dagogik&#8221;<\/span><\/a><\/p>\n","protected":false},"author":1,"featured_media":0,"parent":0,"menu_order":0,"comment_status":"closed","ping_status":"closed","template":"page-templates\/full-width-builder-bb.php","meta":{"footnotes":""},"class_list":["post-6704","page","type-page","status-publish","hentry"],"yoast_head":"<!-- This site is optimized with the Yoast SEO plugin v23.7 - https:\/\/yoast.com\/wordpress\/plugins\/seo\/ -->\n<title>P\u00e4dagogik - Kindergarten Unterampfrach Arche Noah<\/title>\n<meta name=\"robots\" content=\"index, follow, max-snippet:-1, max-image-preview:large, max-video-preview:-1\" \/>\n<link rel=\"canonical\" href=\"https:\/\/kiga-unterampfrach.de\/index.php\/paedagogik\/\" \/>\n<meta property=\"og:locale\" content=\"en_US\" \/>\n<meta property=\"og:type\" content=\"article\" \/>\n<meta property=\"og:title\" content=\"P\u00e4dagogik - Kindergarten Unterampfrach Arche Noah\" \/>\n<meta property=\"og:description\" content=\"\u00a0 Die Grundlage unserer p\u00e4dagogischen Arbeit ist der situationsorientierte Ansatz. Dies bedeutet, dass wir als Erzieher unsere Themenauswahl nach den Bed\u00fcrfnissen und Interessen der Kinder ausrichten und nicht etwa an einem starren Jahresplan festhalten. Die aktuellen Lebensereignisse, die die Kinder besch\u00e4ftigen, werden aufgegriffen und vertieft. Nur so gelingt es den Kindern Situationen und Dinge, die &hellip; Read more &quot;P\u00e4dagogik&quot;\" \/>\n<meta property=\"og:url\" content=\"https:\/\/kiga-unterampfrach.de\/index.php\/paedagogik\/\" \/>\n<meta property=\"og:site_name\" content=\"Kindergarten Unterampfrach Arche Noah\" \/>\n<meta property=\"article:modified_time\" content=\"2024-06-24T18:30:37+00:00\" \/>\n<meta property=\"og:image\" content=\"https:\/\/p-i3puwt.project.space\/wp-content\/uploads\/2024\/06\/IMG_3465-624x468-1.jpg\" \/>\n<meta name=\"twitter:card\" content=\"summary_large_image\" \/>\n<meta name=\"twitter:label1\" content=\"Est. reading time\" \/>\n\t<meta name=\"twitter:data1\" content=\"1 minute\" \/>\n<script type=\"application\/ld+json\" class=\"yoast-schema-graph\">{\"@context\":\"https:\/\/schema.org\",\"@graph\":[{\"@type\":\"WebPage\",\"@id\":\"https:\/\/kiga-unterampfrach.de\/index.php\/paedagogik\/\",\"url\":\"https:\/\/kiga-unterampfrach.de\/index.php\/paedagogik\/\",\"name\":\"P\u00e4dagogik - Kindergarten Unterampfrach Arche Noah\",\"isPartOf\":{\"@id\":\"https:\/\/kiga-unterampfrach.de\/#website\"},\"primaryImageOfPage\":{\"@id\":\"https:\/\/kiga-unterampfrach.de\/index.php\/paedagogik\/#primaryimage\"},\"image\":{\"@id\":\"https:\/\/kiga-unterampfrach.de\/index.php\/paedagogik\/#primaryimage\"},\"thumbnailUrl\":\"https:\/\/p-i3puwt.project.space\/wp-content\/uploads\/2024\/06\/IMG_3465-624x468-1.jpg\",\"datePublished\":\"2024-04-03T22:48:08+00:00\",\"dateModified\":\"2024-06-24T18:30:37+00:00\",\"breadcrumb\":{\"@id\":\"https:\/\/kiga-unterampfrach.de\/index.php\/paedagogik\/#breadcrumb\"},\"inLanguage\":\"en-US\",\"potentialAction\":[{\"@type\":\"ReadAction\",\"target\":[\"https:\/\/kiga-unterampfrach.de\/index.php\/paedagogik\/\"]}]},{\"@type\":\"ImageObject\",\"inLanguage\":\"en-US\",\"@id\":\"https:\/\/kiga-unterampfrach.de\/index.php\/paedagogik\/#primaryimage\",\"url\":\"https:\/\/p-i3puwt.project.space\/wp-content\/uploads\/2024\/06\/IMG_3465-624x468-1.jpg\",\"contentUrl\":\"https:\/\/p-i3puwt.project.space\/wp-content\/uploads\/2024\/06\/IMG_3465-624x468-1.jpg\"},{\"@type\":\"BreadcrumbList\",\"@id\":\"https:\/\/kiga-unterampfrach.de\/index.php\/paedagogik\/#breadcrumb\",\"itemListElement\":[{\"@type\":\"ListItem\",\"position\":1,\"name\":\"Startseite\",\"item\":\"https:\/\/kiga-unterampfrach.de\/\"},{\"@type\":\"ListItem\",\"position\":2,\"name\":\"P\u00e4dagogik\"}]},{\"@type\":\"WebSite\",\"@id\":\"https:\/\/kiga-unterampfrach.de\/#website\",\"url\":\"https:\/\/kiga-unterampfrach.de\/\",\"name\":\"Kindergarten Unterampfrach Arche Noah\",\"description\":\"Kindergarten Unterampfrach Arche Noah\",\"publisher\":{\"@id\":\"https:\/\/kiga-unterampfrach.de\/#organization\"},\"potentialAction\":[{\"@type\":\"SearchAction\",\"target\":{\"@type\":\"EntryPoint\",\"urlTemplate\":\"https:\/\/kiga-unterampfrach.de\/?s={search_term_string}\"},\"query-input\":{\"@type\":\"PropertyValueSpecification\",\"valueRequired\":true,\"valueName\":\"search_term_string\"}}],\"inLanguage\":\"en-US\"},{\"@type\":\"Organization\",\"@id\":\"https:\/\/kiga-unterampfrach.de\/#organization\",\"name\":\"Kindergarten Unterampfrach\",\"url\":\"https:\/\/kiga-unterampfrach.de\/\",\"logo\":{\"@type\":\"ImageObject\",\"inLanguage\":\"en-US\",\"@id\":\"https:\/\/kiga-unterampfrach.de\/#\/schema\/logo\/image\/\",\"url\":\"https:\/\/kiga-unterampfrach.de\/wp-content\/uploads\/2024\/04\/cropped-logo1.jpg\",\"contentUrl\":\"https:\/\/kiga-unterampfrach.de\/wp-content\/uploads\/2024\/04\/cropped-logo1.jpg\",\"width\":340,\"height\":206,\"caption\":\"Kindergarten Unterampfrach\"},\"image\":{\"@id\":\"https:\/\/kiga-unterampfrach.de\/#\/schema\/logo\/image\/\"}}]}<\/script>\n<!-- \/ Yoast SEO plugin. -->","yoast_head_json":{"title":"P\u00e4dagogik - Kindergarten Unterampfrach Arche Noah","robots":{"index":"index","follow":"follow","max-snippet":"max-snippet:-1","max-image-preview":"max-image-preview:large","max-video-preview":"max-video-preview:-1"},"canonical":"https:\/\/kiga-unterampfrach.de\/index.php\/paedagogik\/","og_locale":"en_US","og_type":"article","og_title":"P\u00e4dagogik - Kindergarten Unterampfrach Arche Noah","og_description":"\u00a0 Die Grundlage unserer p\u00e4dagogischen Arbeit ist der situationsorientierte Ansatz. Dies bedeutet, dass wir als Erzieher unsere Themenauswahl nach den Bed\u00fcrfnissen und Interessen der Kinder ausrichten und nicht etwa an einem starren Jahresplan festhalten. Die aktuellen Lebensereignisse, die die Kinder besch\u00e4ftigen, werden aufgegriffen und vertieft. Nur so gelingt es den Kindern Situationen und Dinge, die &hellip; Read more \"P\u00e4dagogik\"","og_url":"https:\/\/kiga-unterampfrach.de\/index.php\/paedagogik\/","og_site_name":"Kindergarten Unterampfrach Arche Noah","article_modified_time":"2024-06-24T18:30:37+00:00","og_image":[{"url":"https:\/\/p-i3puwt.project.space\/wp-content\/uploads\/2024\/06\/IMG_3465-624x468-1.jpg"}],"twitter_card":"summary_large_image","twitter_misc":{"Est. reading time":"1 minute"},"schema":{"@context":"https:\/\/schema.org","@graph":[{"@type":"WebPage","@id":"https:\/\/kiga-unterampfrach.de\/index.php\/paedagogik\/","url":"https:\/\/kiga-unterampfrach.de\/index.php\/paedagogik\/","name":"P\u00e4dagogik - Kindergarten Unterampfrach Arche Noah","isPartOf":{"@id":"https:\/\/kiga-unterampfrach.de\/#website"},"primaryImageOfPage":{"@id":"https:\/\/kiga-unterampfrach.de\/index.php\/paedagogik\/#primaryimage"},"image":{"@id":"https:\/\/kiga-unterampfrach.de\/index.php\/paedagogik\/#primaryimage"},"thumbnailUrl":"https:\/\/p-i3puwt.project.space\/wp-content\/uploads\/2024\/06\/IMG_3465-624x468-1.jpg","datePublished":"2024-04-03T22:48:08+00:00","dateModified":"2024-06-24T18:30:37+00:00","breadcrumb":{"@id":"https:\/\/kiga-unterampfrach.de\/index.php\/paedagogik\/#breadcrumb"},"inLanguage":"en-US","potentialAction":[{"@type":"ReadAction","target":["https:\/\/kiga-unterampfrach.de\/index.php\/paedagogik\/"]}]},{"@type":"ImageObject","inLanguage":"en-US","@id":"https:\/\/kiga-unterampfrach.de\/index.php\/paedagogik\/#primaryimage","url":"https:\/\/p-i3puwt.project.space\/wp-content\/uploads\/2024\/06\/IMG_3465-624x468-1.jpg","contentUrl":"https:\/\/p-i3puwt.project.space\/wp-content\/uploads\/2024\/06\/IMG_3465-624x468-1.jpg"},{"@type":"BreadcrumbList","@id":"https:\/\/kiga-unterampfrach.de\/index.php\/paedagogik\/#breadcrumb","itemListElement":[{"@type":"ListItem","position":1,"name":"Startseite","item":"https:\/\/kiga-unterampfrach.de\/"},{"@type":"ListItem","position":2,"name":"P\u00e4dagogik"}]},{"@type":"WebSite","@id":"https:\/\/kiga-unterampfrach.de\/#website","url":"https:\/\/kiga-unterampfrach.de\/","name":"Kindergarten Unterampfrach Arche Noah","description":"Kindergarten Unterampfrach Arche Noah","publisher":{"@id":"https:\/\/kiga-unterampfrach.de\/#organization"},"potentialAction":[{"@type":"SearchAction","target":{"@type":"EntryPoint","urlTemplate":"https:\/\/kiga-unterampfrach.de\/?s={search_term_string}"},"query-input":{"@type":"PropertyValueSpecification","valueRequired":true,"valueName":"search_term_string"}}],"inLanguage":"en-US"},{"@type":"Organization","@id":"https:\/\/kiga-unterampfrach.de\/#organization","name":"Kindergarten Unterampfrach","url":"https:\/\/kiga-unterampfrach.de\/","logo":{"@type":"ImageObject","inLanguage":"en-US","@id":"https:\/\/kiga-unterampfrach.de\/#\/schema\/logo\/image\/","url":"https:\/\/kiga-unterampfrach.de\/wp-content\/uploads\/2024\/04\/cropped-logo1.jpg","contentUrl":"https:\/\/kiga-unterampfrach.de\/wp-content\/uploads\/2024\/04\/cropped-logo1.jpg","width":340,"height":206,"caption":"Kindergarten Unterampfrach"},"image":{"@id":"https:\/\/kiga-unterampfrach.de\/#\/schema\/logo\/image\/"}}]}},"featured_media_urls":[],"_links":{"self":[{"href":"https:\/\/kiga-unterampfrach.de\/index.php\/wp-json\/wp\/v2\/pages\/6704","targetHints":{"allow":["GET"]}}],"collection":[{"href":"https:\/\/kiga-unterampfrach.de\/index.php\/wp-json\/wp\/v2\/pages"}],"about":[{"href":"https:\/\/kiga-unterampfrach.de\/index.php\/wp-json\/wp\/v2\/types\/page"}],"author":[{"embeddable":true,"href":"https:\/\/kiga-unterampfrach.de\/index.php\/wp-json\/wp\/v2\/users\/1"}],"replies":[{"embeddable":true,"href":"https:\/\/kiga-unterampfrach.de\/index.php\/wp-json\/wp\/v2\/comments?post=6704"}],"version-history":[{"count":4,"href":"https:\/\/kiga-unterampfrach.de\/index.php\/wp-json\/wp\/v2\/pages\/6704\/revisions"}],"predecessor-version":[{"id":6769,"href":"https:\/\/kiga-unterampfrach.de\/index.php\/wp-json\/wp\/v2\/pages\/6704\/revisions\/6769"}],"wp:attachment":[{"href":"https:\/\/kiga-unterampfrach.de\/index.php\/wp-json\/wp\/v2\/media?parent=6704"}],"curies":[{"name":"wp","href":"https:\/\/api.w.org\/{rel}","templated":true}]}}